{"id":11435,"date":"2025-08-19T09:45:18","date_gmt":"2025-08-19T07:45:18","guid":{"rendered":"https:\/\/radio-aviva.com\/perpignan\/?post_type=podcast&#038;p=11435"},"modified":"2025-08-18T09:16:17","modified_gmt":"2025-08-18T07:16:17","slug":"le-petit-festival-de-la-cote-vermeille-avec-razerka-lavant-fondatrice-du-festival","status":"publish","type":"podcast","link":"https:\/\/radio-aviva.com\/perpignan\/podcast\/le-petit-festival-de-la-cote-vermeille-avec-razerka-lavant-fondatrice-du-festival\/","title":{"rendered":"LE PETIT FESTIVAL DE LA COTE VERMEILLE avec  Razerka LAVANT, Fondatrice du festival"},"content":{"rendered":"<p>ENTRE DEUX CYCLES , la nouvelle \u00e9ditions du Petit Festival de la C\u00f4te Vermeille.<\/p>\n<p>Cr\u00e9\u00e9 par Razerka Lavant, autrice et metteuse en sc\u00e8ne, en 2021, le Petit Festival de la C\u00f4te Vermeille propose, juste avant que ne red\u00e9marre l\u2019ann\u00e9e, un festival d\u00e9di\u00e9s \u00e0 l\u2019art et la r\u00e9flexion sur le vivant, qui sont aussi un temps de cr\u00e9ations et de d\u00e9couvertes, de retrouvailles et de convivialit\u00e9, un temps de curiosit\u00e9 et d\u2019apprentissage, un temps pour tous, un temps pour les gens d\u2019ici et les gens d\u2019ailleurs, un temps pour penser demain.<\/p>\n","protected":false},"author":329,"featured_media":11436,"template":"","tags":[],"podcastfilter":[373],"class_list":["post-11435","podcast","type-podcast","status-publish","has-post-thumbnail","hentry","podcastfilter-banyuls-sur-mer"],"_links":{"self":[{"href":"https:\/\/radio-aviva.com\/perpignan\/wp-json\/wp\/v2\/podcast\/11435","targetHints":{"allow":["GET"]}}],"collection":[{"href":"https:\/\/radio-aviva.com\/perpignan\/wp-json\/wp\/v2\/podcast"}],"about":[{"href":"https:\/\/radio-aviva.com\/perpignan\/wp-json\/wp\/v2\/types\/podcast"}],"author":[{"embeddable":true,"href":"https:\/\/radio-aviva.com\/perpignan\/wp-json\/wp\/v2\/users\/329"}],"version-history":[{"count":1,"href":"https:\/\/radio-aviva.com\/perpignan\/wp-json\/wp\/v2\/podcast\/11435\/revisions"}],"predecessor-version":[{"id":11437,"href":"https:\/\/radio-aviva.com\/perpignan\/wp-json\/wp\/v2\/podcast\/11435\/revisions\/11437"}],"wp:featuredmedia":[{"embeddable":true,"href":"https:\/\/radio-aviva.com\/perpignan\/wp-json\/wp\/v2\/media\/11436"}],"wp:attachment":[{"href":"https:\/\/radio-aviva.com\/perpignan\/wp-json\/wp\/v2\/media?parent=11435"}],"wp:term":[{"taxonomy":"post_tag","embeddable":true,"href":"https:\/\/radio-aviva.com\/perpignan\/wp-json\/wp\/v2\/tags?post=11435"},{"taxonomy":"podcastfilter","embeddable":true,"href":"https:\/\/radio-aviva.com\/perpignan\/wp-json\/wp\/v2\/podcastfilter?post=11435"}],"curies":[{"name":"wp","href":"https:\/\/api.w.org\/{rel}","templated":true}]}}