{"id":11441,"date":"2025-08-23T09:30:48","date_gmt":"2025-08-23T07:30:48","guid":{"rendered":"https:\/\/radio-aviva.com\/perpignan\/?post_type=podcast&#038;p=11441"},"modified":"2025-08-22T10:12:08","modified_gmt":"2025-08-22T08:12:08","slug":"le-festival-de-lair-a-targasonne-avec-lily-dunyach-technicienne-de-la-reserve-naturelle-nationale-de-la-vallee-deyne","status":"publish","type":"podcast","link":"https:\/\/radio-aviva.com\/perpignan\/podcast\/le-festival-de-lair-a-targasonne-avec-lily-dunyach-technicienne-de-la-reserve-naturelle-nationale-de-la-vallee-deyne\/","title":{"rendered":"LE FESTIVAL DE L&rsquo;AIR A TARGASONNE avec Lily DUNYACH, Technicienne de la R\u00e9serve Naturelle Nationale de la Vall\u00e9e d&rsquo;Eyne"},"content":{"rendered":"<p>3\u1d49 \u00e9dition du Festival de l\u2019Air de Targasonne (FAT), c\u2019est les 29 et 30 ao\u00fbt prochains.<\/p>\n<p>La\u00a0F\u00e9d\u00e9ration des R\u00e9serves Naturelles Catalanes\u00a0a le plaisir de soutenir et de participer \u00e0 la 3\u1d49 \u00e9dition du\u00a0Festival de l\u2019Air de Targasonne (FAT), qui se tiendra les\u00a029 et 30 ao\u00fbt prochains. Organis\u00e9 par le club de parapente\u00a0Appel d\u2019Air, ce festival unique en son genre explore les liens entre\u00a0pratiques sportives de montagne\u00a0et\u00a0pr\u00e9servation de l\u2019environnement.<\/p>\n","protected":false},"author":329,"featured_media":11442,"template":"","tags":[],"podcastfilter":[375,376,374],"class_list":["post-11441","podcast","type-podcast","status-publish","has-post-thumbnail","hentry","podcastfilter-cerdagne","podcastfilter-festival-de-lair","podcastfilter-targasonne"],"_links":{"self":[{"href":"https:\/\/radio-aviva.com\/perpignan\/wp-json\/wp\/v2\/podcast\/11441","targetHints":{"allow":["GET"]}}],"collection":[{"href":"https:\/\/radio-aviva.com\/perpignan\/wp-json\/wp\/v2\/podcast"}],"about":[{"href":"https:\/\/radio-aviva.com\/perpignan\/wp-json\/wp\/v2\/types\/podcast"}],"author":[{"embeddable":true,"href":"https:\/\/radio-aviva.com\/perpignan\/wp-json\/wp\/v2\/users\/329"}],"version-history":[{"count":1,"href":"https:\/\/radio-aviva.com\/perpignan\/wp-json\/wp\/v2\/podcast\/11441\/revisions"}],"predecessor-version":[{"id":11443,"href":"https:\/\/radio-aviva.com\/perpignan\/wp-json\/wp\/v2\/podcast\/11441\/revisions\/11443"}],"wp:featuredmedia":[{"embeddable":true,"href":"https:\/\/radio-aviva.com\/perpignan\/wp-json\/wp\/v2\/media\/11442"}],"wp:attachment":[{"href":"https:\/\/radio-aviva.com\/perpignan\/wp-json\/wp\/v2\/media?parent=11441"}],"wp:term":[{"taxonomy":"post_tag","embeddable":true,"href":"https:\/\/radio-aviva.com\/perpignan\/wp-json\/wp\/v2\/tags?post=11441"},{"taxonomy":"podcastfilter","embeddable":true,"href":"https:\/\/radio-aviva.com\/perpignan\/wp-json\/wp\/v2\/podcastfilter?post=11441"}],"curies":[{"name":"wp","href":"https:\/\/api.w.org\/{rel}","templated":true}]}}