{"id":11450,"date":"2025-08-25T10:00:24","date_gmt":"2025-08-25T08:00:24","guid":{"rendered":"https:\/\/radio-aviva.com\/perpignan\/?post_type=podcast&#038;p=11450"},"modified":"2025-08-25T09:08:36","modified_gmt":"2025-08-25T07:08:36","slug":"mes-voyages-mon-ecoles-de-la-vie-avec-erick-bouix-auteur","status":"publish","type":"podcast","link":"https:\/\/radio-aviva.com\/perpignan\/podcast\/mes-voyages-mon-ecoles-de-la-vie-avec-erick-bouix-auteur\/","title":{"rendered":"MES VOYAGES MON ECOLES DE LA VIE avec Erick BOUIX, Auteur"},"content":{"rendered":"<p>\u00ab\u00a0Mes Voyages, mon \u00e9cole de la vie\u00a0\u00bb , le t\u00e9moignage d\u2019Erick Bouix aux Editions Erato .<\/p>\n<p>Erick Bouix, natif d\u2019Am\u00e9lie les Bains, dans les Pyr\u00e9n\u00e9es Orientales, nous pr\u00e9sente son dernier ouvrage. \u00ab\u00a0Mes Voyages, mon \u00e9cole de la vie\u00a0\u00bb paru aux Editions Erato de EVA SARACINO. Et si la plus grande \u00e9cole n\u2019\u00e9tait celle des bancs ?<\/p>\n","protected":false},"author":329,"featured_media":11451,"template":"","tags":[],"podcastfilter":[381,382],"class_list":["post-11450","podcast","type-podcast","status-publish","has-post-thumbnail","hentry","podcastfilter-mon-ecole-de-la-vie","podcastfilter-portrait"],"_links":{"self":[{"href":"https:\/\/radio-aviva.com\/perpignan\/wp-json\/wp\/v2\/podcast\/11450","targetHints":{"allow":["GET"]}}],"collection":[{"href":"https:\/\/radio-aviva.com\/perpignan\/wp-json\/wp\/v2\/podcast"}],"about":[{"href":"https:\/\/radio-aviva.com\/perpignan\/wp-json\/wp\/v2\/types\/podcast"}],"author":[{"embeddable":true,"href":"https:\/\/radio-aviva.com\/perpignan\/wp-json\/wp\/v2\/users\/329"}],"version-history":[{"count":1,"href":"https:\/\/radio-aviva.com\/perpignan\/wp-json\/wp\/v2\/podcast\/11450\/revisions"}],"predecessor-version":[{"id":11452,"href":"https:\/\/radio-aviva.com\/perpignan\/wp-json\/wp\/v2\/podcast\/11450\/revisions\/11452"}],"wp:featuredmedia":[{"embeddable":true,"href":"https:\/\/radio-aviva.com\/perpignan\/wp-json\/wp\/v2\/media\/11451"}],"wp:attachment":[{"href":"https:\/\/radio-aviva.com\/perpignan\/wp-json\/wp\/v2\/media?parent=11450"}],"wp:term":[{"taxonomy":"post_tag","embeddable":true,"href":"https:\/\/radio-aviva.com\/perpignan\/wp-json\/wp\/v2\/tags?post=11450"},{"taxonomy":"podcastfilter","embeddable":true,"href":"https:\/\/radio-aviva.com\/perpignan\/wp-json\/wp\/v2\/podcastfilter?post=11450"}],"curies":[{"name":"wp","href":"https:\/\/api.w.org\/{rel}","templated":true}]}}