{"id":11830,"date":"2026-04-28T11:48:56","date_gmt":"2026-04-28T09:48:56","guid":{"rendered":"https:\/\/radio-aviva.com\/perpignan\/?post_type=podcast&#038;p=11830"},"modified":"2026-04-28T11:49:06","modified_gmt":"2026-04-28T09:49:06","slug":"secours-catholique-aude-roussillon-catherine-fidry-vice-presidente","status":"publish","type":"podcast","link":"https:\/\/radio-aviva.com\/perpignan\/podcast\/secours-catholique-aude-roussillon-catherine-fidry-vice-presidente\/","title":{"rendered":"Secours Catholique Aude-Roussillon &#8211; Catherine Fidry, vice-pr\u00e9sidente"},"content":{"rendered":"<p>Catherine Fidry, vice-pr\u00e9sidente de la d\u00e9l\u00e9gation Secours Catholique Aude-Roussillon nous parle de l\u2019histoire de l\u2019association \u00e0 l\u2019occasion du 80e anniversaire du Secours Catholique. Elle nous pr\u00e9sente \u00e9galement les missions et les actions de la d\u00e9l\u00e9gation sur le territoire des Pyr\u00e9n\u00e9es-Orientales.<\/p>\n<p>Cette \u00e9mission a \u00e9t\u00e9 anim\u00e9e par Claire Helligs\u00f8, avec Damien Lin-Ching-Too \u00e0 la technique.<\/p>\n","protected":false},"author":1,"featured_media":9953,"template":"","tags":[],"podcastfilter":[190,314,152,186,259,149,148],"class_list":["post-11830","podcast","type-podcast","status-publish","has-post-thumbnail","hentry","podcastfilter-association","podcastfilter-la-voix-des-assos","podcastfilter-lien-social","podcastfilter-pyrenees-orientales-2","podcastfilter-social","podcastfilter-solidarite","podcastfilter-voix-des-assos"],"_links":{"self":[{"href":"https:\/\/radio-aviva.com\/perpignan\/wp-json\/wp\/v2\/podcast\/11830","targetHints":{"allow":["GET"]}}],"collection":[{"href":"https:\/\/radio-aviva.com\/perpignan\/wp-json\/wp\/v2\/podcast"}],"about":[{"href":"https:\/\/radio-aviva.com\/perpignan\/wp-json\/wp\/v2\/types\/podcast"}],"author":[{"embeddable":true,"href":"https:\/\/radio-aviva.com\/perpignan\/wp-json\/wp\/v2\/users\/1"}],"version-history":[{"count":1,"href":"https:\/\/radio-aviva.com\/perpignan\/wp-json\/wp\/v2\/podcast\/11830\/revisions"}],"predecessor-version":[{"id":11831,"href":"https:\/\/radio-aviva.com\/perpignan\/wp-json\/wp\/v2\/podcast\/11830\/revisions\/11831"}],"wp:featuredmedia":[{"embeddable":true,"href":"https:\/\/radio-aviva.com\/perpignan\/wp-json\/wp\/v2\/media\/9953"}],"wp:attachment":[{"href":"https:\/\/radio-aviva.com\/perpignan\/wp-json\/wp\/v2\/media?parent=11830"}],"wp:term":[{"taxonomy":"post_tag","embeddable":true,"href":"https:\/\/radio-aviva.com\/perpignan\/wp-json\/wp\/v2\/tags?post=11830"},{"taxonomy":"podcastfilter","embeddable":true,"href":"https:\/\/radio-aviva.com\/perpignan\/wp-json\/wp\/v2\/podcastfilter?post=11830"}],"curies":[{"name":"wp","href":"https:\/\/api.w.org\/{rel}","templated":true}]}}