{"id":11833,"date":"2026-04-28T12:28:34","date_gmt":"2026-04-28T10:28:34","guid":{"rendered":"https:\/\/radio-aviva.com\/perpignan\/?post_type=podcast&#038;p=11833"},"modified":"2026-04-28T12:35:56","modified_gmt":"2026-04-28T10:35:56","slug":"les-amis-de-legypte-ancienne-guy-bessieres-president","status":"publish","type":"podcast","link":"https:\/\/radio-aviva.com\/perpignan\/podcast\/les-amis-de-legypte-ancienne-guy-bessieres-president\/","title":{"rendered":"Les Amis de l&rsquo;Egypte Ancienne &#8211; Guy Bessi\u00e8res, pr\u00e9sident"},"content":{"rendered":"<p>Guy Bessi\u00e8res, co-fondateur et pr\u00e9sident de l\u2019association Les Amis de l\u2019Egypte Ancienne nous pr\u00e9sente son activit\u00e9, ainsi que la contribution de l\u2019association \u00e0 la recherche men\u00e9e sur la momie de Iouefenkhonsou, conserv\u00e9e au Museum d\u2019Histoire Naturelle de Perpignan.<\/p>\n<p>Cette \u00e9mission a \u00e9t\u00e9 anim\u00e9e par Claire Helligs\u00f8, avec Damien Lin-Ching-Too \u00e0 la technique.<\/p>\n","protected":false},"author":1,"featured_media":9953,"template":"","tags":[],"podcastfilter":[195,86,190,126,144,314,148],"class_list":["post-11833","podcast","type-podcast","status-publish","has-post-thumbnail","hentry","podcastfilter-archeologie","podcastfilter-art","podcastfilter-association","podcastfilter-education","podcastfilter-histoire","podcastfilter-la-voix-des-assos","podcastfilter-voix-des-assos"],"_links":{"self":[{"href":"https:\/\/radio-aviva.com\/perpignan\/wp-json\/wp\/v2\/podcast\/11833","targetHints":{"allow":["GET"]}}],"collection":[{"href":"https:\/\/radio-aviva.com\/perpignan\/wp-json\/wp\/v2\/podcast"}],"about":[{"href":"https:\/\/radio-aviva.com\/perpignan\/wp-json\/wp\/v2\/types\/podcast"}],"author":[{"embeddable":true,"href":"https:\/\/radio-aviva.com\/perpignan\/wp-json\/wp\/v2\/users\/1"}],"version-history":[{"count":1,"href":"https:\/\/radio-aviva.com\/perpignan\/wp-json\/wp\/v2\/podcast\/11833\/revisions"}],"predecessor-version":[{"id":11834,"href":"https:\/\/radio-aviva.com\/perpignan\/wp-json\/wp\/v2\/podcast\/11833\/revisions\/11834"}],"wp:featuredmedia":[{"embeddable":true,"href":"https:\/\/radio-aviva.com\/perpignan\/wp-json\/wp\/v2\/media\/9953"}],"wp:attachment":[{"href":"https:\/\/radio-aviva.com\/perpignan\/wp-json\/wp\/v2\/media?parent=11833"}],"wp:term":[{"taxonomy":"post_tag","embeddable":true,"href":"https:\/\/radio-aviva.com\/perpignan\/wp-json\/wp\/v2\/tags?post=11833"},{"taxonomy":"podcastfilter","embeddable":true,"href":"https:\/\/radio-aviva.com\/perpignan\/wp-json\/wp\/v2\/podcastfilter?post=11833"}],"curies":[{"name":"wp","href":"https:\/\/api.w.org\/{rel}","templated":true}]}}