{"id":11835,"date":"2026-04-28T12:39:05","date_gmt":"2026-04-28T10:39:05","guid":{"rendered":"https:\/\/radio-aviva.com\/perpignan\/?post_type=podcast&#038;p=11835"},"modified":"2026-04-28T12:45:24","modified_gmt":"2026-04-28T10:45:24","slug":"education-a-limage-maite-sanchez-schmid-vice-presidente-de-lassociation-visa-pour-limage","status":"publish","type":"podcast","link":"https:\/\/radio-aviva.com\/perpignan\/podcast\/education-a-limage-maite-sanchez-schmid-vice-presidente-de-lassociation-visa-pour-limage\/","title":{"rendered":"Education \u00e0 l&rsquo;image &#8211; Mait\u00e9 Sanchez-Schmid, vice-pr\u00e9sidente de l&rsquo;association Visa pour l&rsquo;Image"},"content":{"rendered":"<p>Mait\u00e9 Sanchez-Schmid, vice-pr\u00e9sidente de l\u2019association Visa pour l\u2019Image, et charg\u00e9e de l\u2019\u00e9ducation \u00e0 l\u2019image nous pr\u00e9sente la structure, ainsi que l\u2019activit\u00e9 p\u00e9dagogique qu\u2019elle porte sur les sujets de l\u2019\u00e9ducation \u00e0 l\u2019image et le photojournalisme.<\/p>\n<p>Cette \u00e9mission a \u00e9t\u00e9 anim\u00e9e par Claire Helligs\u00f8, avec Damien Lin-Ching-Too \u00e0 la technique.<\/p>\n","protected":false},"author":1,"featured_media":9640,"template":"","tags":[],"podcastfilter":[170,86,190,126,134,145,109,253],"class_list":["post-11835","podcast","type-podcast","status-publish","has-post-thumbnail","hentry","podcastfilter-actions-culturelles","podcastfilter-art","podcastfilter-association","podcastfilter-education","podcastfilter-exposition","podcastfilter-mag-de-la-redac","podcastfilter-perpignan","podcastfilter-photographie"],"_links":{"self":[{"href":"https:\/\/radio-aviva.com\/perpignan\/wp-json\/wp\/v2\/podcast\/11835","targetHints":{"allow":["GET"]}}],"collection":[{"href":"https:\/\/radio-aviva.com\/perpignan\/wp-json\/wp\/v2\/podcast"}],"about":[{"href":"https:\/\/radio-aviva.com\/perpignan\/wp-json\/wp\/v2\/types\/podcast"}],"author":[{"embeddable":true,"href":"https:\/\/radio-aviva.com\/perpignan\/wp-json\/wp\/v2\/users\/1"}],"version-history":[{"count":1,"href":"https:\/\/radio-aviva.com\/perpignan\/wp-json\/wp\/v2\/podcast\/11835\/revisions"}],"predecessor-version":[{"id":11836,"href":"https:\/\/radio-aviva.com\/perpignan\/wp-json\/wp\/v2\/podcast\/11835\/revisions\/11836"}],"wp:featuredmedia":[{"embeddable":true,"href":"https:\/\/radio-aviva.com\/perpignan\/wp-json\/wp\/v2\/media\/9640"}],"wp:attachment":[{"href":"https:\/\/radio-aviva.com\/perpignan\/wp-json\/wp\/v2\/media?parent=11835"}],"wp:term":[{"taxonomy":"post_tag","embeddable":true,"href":"https:\/\/radio-aviva.com\/perpignan\/wp-json\/wp\/v2\/tags?post=11835"},{"taxonomy":"podcastfilter","embeddable":true,"href":"https:\/\/radio-aviva.com\/perpignan\/wp-json\/wp\/v2\/podcastfilter?post=11835"}],"curies":[{"name":"wp","href":"https:\/\/api.w.org\/{rel}","templated":true}]}}