{"id":11839,"date":"2026-04-28T12:57:20","date_gmt":"2026-04-28T10:57:20","guid":{"rendered":"https:\/\/radio-aviva.com\/perpignan\/?post_type=podcast&#038;p=11839"},"modified":"2026-04-28T13:02:25","modified_gmt":"2026-04-28T11:02:25","slug":"commemoration-du-19-mars-general-gilles-glin-president-du-comite-de-perpignan-du-souvenir-francais","status":"publish","type":"podcast","link":"https:\/\/radio-aviva.com\/perpignan\/podcast\/commemoration-du-19-mars-general-gilles-glin-president-du-comite-de-perpignan-du-souvenir-francais\/","title":{"rendered":"Comm\u00e9moration du 19 mars &#8211; G\u00e9n\u00e9ral Gilles Glin, pr\u00e9sident du comit\u00e9 de Perpignan du Souvenir Fran\u00e7ais"},"content":{"rendered":"<p>Le g\u00e9n\u00e9ral Gilles Glin, pr\u00e9sident du comit\u00e9 de Perpignan du Souvenir Fran\u00e7ais revient avec nous sur la comm\u00e9moration du 19 mars \u00e0 l\u2019occasion de la Journ\u00e9e nationale du souvenir et du recueillement \u00e0 la m\u00e9moire des victimes civiles et militaires de la guerre d\u2019Alg\u00e9rie et des combats en Tunisie et au Maroc.<\/p>\n<p>Cette \u00e9mission a \u00e9t\u00e9 anim\u00e9e par Claire Helligs\u00f8, avec Damien Lin-Ching-Too \u00e0 la technique.<\/p>\n","protected":false},"author":1,"featured_media":11672,"template":"","tags":[],"podcastfilter":[190,228,224,193,144,133,109],"class_list":["post-11839","podcast","type-podcast","status-publish","has-post-thumbnail","hentry","podcastfilter-association","podcastfilter-ceremonie","podcastfilter-commemoration","podcastfilter-hier-et-aujourdhui","podcastfilter-histoire","podcastfilter-memoire","podcastfilter-perpignan"],"_links":{"self":[{"href":"https:\/\/radio-aviva.com\/perpignan\/wp-json\/wp\/v2\/podcast\/11839","targetHints":{"allow":["GET"]}}],"collection":[{"href":"https:\/\/radio-aviva.com\/perpignan\/wp-json\/wp\/v2\/podcast"}],"about":[{"href":"https:\/\/radio-aviva.com\/perpignan\/wp-json\/wp\/v2\/types\/podcast"}],"author":[{"embeddable":true,"href":"https:\/\/radio-aviva.com\/perpignan\/wp-json\/wp\/v2\/users\/1"}],"version-history":[{"count":1,"href":"https:\/\/radio-aviva.com\/perpignan\/wp-json\/wp\/v2\/podcast\/11839\/revisions"}],"predecessor-version":[{"id":11840,"href":"https:\/\/radio-aviva.com\/perpignan\/wp-json\/wp\/v2\/podcast\/11839\/revisions\/11840"}],"wp:featuredmedia":[{"embeddable":true,"href":"https:\/\/radio-aviva.com\/perpignan\/wp-json\/wp\/v2\/media\/11672"}],"wp:attachment":[{"href":"https:\/\/radio-aviva.com\/perpignan\/wp-json\/wp\/v2\/media?parent=11839"}],"wp:term":[{"taxonomy":"post_tag","embeddable":true,"href":"https:\/\/radio-aviva.com\/perpignan\/wp-json\/wp\/v2\/tags?post=11839"},{"taxonomy":"podcastfilter","embeddable":true,"href":"https:\/\/radio-aviva.com\/perpignan\/wp-json\/wp\/v2\/podcastfilter?post=11839"}],"curies":[{"name":"wp","href":"https:\/\/api.w.org\/{rel}","templated":true}]}}