{"id":6515,"date":"2023-04-24T16:25:29","date_gmt":"2023-04-24T14:25:29","guid":{"rendered":"https:\/\/radio-aviva.com\/perpignan\/?post_type=podcast&#038;p=6515"},"modified":"2024-05-20T11:21:44","modified_gmt":"2024-05-20T09:21:44","slug":"segolene-alex-directrice-jazzebre-festival-zah-zuh-2nde-escale-180423","status":"publish","type":"podcast","link":"https:\/\/radio-aviva.com\/perpignan\/podcast\/segolene-alex-directrice-jazzebre-festival-zah-zuh-2nde-escale-180423\/","title":{"rendered":"SEGOLENE ALEX, DIRECTRICE JAZZEBRE &#8211; FESTIVAL ZAH-ZUH 2NDE ESCALE &#8211; 180423"},"content":{"rendered":"<p>Le 18 avril dernier, nous recevions S\u00e9gol\u00e8ne ALEX, directrice de Jazz\u00e8bre, dans notre matinale. Depuis 2022, l\u2019\u00e9quipe de Jazz\u00e8bre s\u2019est lanc\u00e9e dans une toute nouvelle aventure, cr\u00e9er un \u00e9v\u00e9nement pour le jeune public, le Zah-Zuh Festival. Et c&rsquo;est ce dont S\u00e9gol\u00e8ne ALEX est venue nous parler.<\/p>\n","protected":false},"author":337,"featured_media":6517,"template":"","tags":[],"podcastfilter":[168,167,159,139,109],"class_list":["post-6515","podcast","type-podcast","status-publish","has-post-thumbnail","hentry","podcastfilter-artiste","podcastfilter-festival","podcastfilter-jazz","podcastfilter-linvite-de-la-matinale","podcastfilter-perpignan"],"_links":{"self":[{"href":"https:\/\/radio-aviva.com\/perpignan\/wp-json\/wp\/v2\/podcast\/6515","targetHints":{"allow":["GET"]}}],"collection":[{"href":"https:\/\/radio-aviva.com\/perpignan\/wp-json\/wp\/v2\/podcast"}],"about":[{"href":"https:\/\/radio-aviva.com\/perpignan\/wp-json\/wp\/v2\/types\/podcast"}],"author":[{"embeddable":true,"href":"https:\/\/radio-aviva.com\/perpignan\/wp-json\/wp\/v2\/users\/337"}],"version-history":[{"count":1,"href":"https:\/\/radio-aviva.com\/perpignan\/wp-json\/wp\/v2\/podcast\/6515\/revisions"}],"predecessor-version":[{"id":9117,"href":"https:\/\/radio-aviva.com\/perpignan\/wp-json\/wp\/v2\/podcast\/6515\/revisions\/9117"}],"wp:featuredmedia":[{"embeddable":true,"href":"https:\/\/radio-aviva.com\/perpignan\/wp-json\/wp\/v2\/media\/6517"}],"wp:attachment":[{"href":"https:\/\/radio-aviva.com\/perpignan\/wp-json\/wp\/v2\/media?parent=6515"}],"wp:term":[{"taxonomy":"post_tag","embeddable":true,"href":"https:\/\/radio-aviva.com\/perpignan\/wp-json\/wp\/v2\/tags?post=6515"},{"taxonomy":"podcastfilter","embeddable":true,"href":"https:\/\/radio-aviva.com\/perpignan\/wp-json\/wp\/v2\/podcastfilter?post=6515"}],"curies":[{"name":"wp","href":"https:\/\/api.w.org\/{rel}","templated":true}]}}