{"id":6553,"date":"2023-04-28T14:30:45","date_gmt":"2023-04-28T12:30:45","guid":{"rendered":"https:\/\/radio-aviva.com\/perpignan\/?post_type=podcast&#038;p=6553"},"modified":"2023-04-28T14:30:45","modified_gmt":"2023-04-28T12:30:45","slug":"lauriane-tournier-cfppa-cyrille-duval-exploitant-agricole-agritour-chambre-dagriculture-120423","status":"publish","type":"podcast","link":"https:\/\/radio-aviva.com\/perpignan\/podcast\/lauriane-tournier-cfppa-cyrille-duval-exploitant-agricole-agritour-chambre-dagriculture-120423\/","title":{"rendered":"LAURIANE TOURNIER, CFPPA, CYRILLE DUVAL, EXPLOITANT AGRICOLE &#8211; AGRITOUR, CHAMBRE D&rsquo;AGRICULTURE &#8211; 120423"},"content":{"rendered":"<p>Agritour 66 &#8211; La chambre d\u2019agriculture des Pyr\u00e9n\u00e9es Orientales, en partenariat avec la r\u00e9gion et le CFPPA a organis\u00e9 son premier Agritour ; l\u2019opportunit\u00e9 pour des demandeurs d\u2019emploi, pour les jeunes en orientation professionnelle et toute personne ayant un projet d\u2019installation ou de salariat en agriculture d\u2019en conna\u00eetre davantage sur le sujet. Nous avons \u00e9t\u00e9 accueillis par Lauriane Tournier, Pr\u00e9sidente du CFPPA de Rivesaltes qui nous a parl\u00e9 de l\u2019importance de l\u2019accompagnement dans les projets d\u2019installation.<\/p>\n","protected":false},"author":337,"featured_media":6568,"template":"","tags":[],"podcastfilter":[183,182,181,139,109,180],"class_list":["post-6553","podcast","type-podcast","status-publish","has-post-thumbnail","hentry","podcastfilter-agriculture","podcastfilter-chambre-dagriculture","podcastfilter-emploi","podcastfilter-linvite-de-la-matinale","podcastfilter-perpignan","podcastfilter-pyrenees-orientales"],"_links":{"self":[{"href":"https:\/\/radio-aviva.com\/perpignan\/wp-json\/wp\/v2\/podcast\/6553","targetHints":{"allow":["GET"]}}],"collection":[{"href":"https:\/\/radio-aviva.com\/perpignan\/wp-json\/wp\/v2\/podcast"}],"about":[{"href":"https:\/\/radio-aviva.com\/perpignan\/wp-json\/wp\/v2\/types\/podcast"}],"author":[{"embeddable":true,"href":"https:\/\/radio-aviva.com\/perpignan\/wp-json\/wp\/v2\/users\/337"}],"version-history":[{"count":0,"href":"https:\/\/radio-aviva.com\/perpignan\/wp-json\/wp\/v2\/podcast\/6553\/revisions"}],"wp:featuredmedia":[{"embeddable":true,"href":"https:\/\/radio-aviva.com\/perpignan\/wp-json\/wp\/v2\/media\/6568"}],"wp:attachment":[{"href":"https:\/\/radio-aviva.com\/perpignan\/wp-json\/wp\/v2\/media?parent=6553"}],"wp:term":[{"taxonomy":"post_tag","embeddable":true,"href":"https:\/\/radio-aviva.com\/perpignan\/wp-json\/wp\/v2\/tags?post=6553"},{"taxonomy":"podcastfilter","embeddable":true,"href":"https:\/\/radio-aviva.com\/perpignan\/wp-json\/wp\/v2\/podcastfilter?post=6553"}],"curies":[{"name":"wp","href":"https:\/\/api.w.org\/{rel}","templated":true}]}}