{"id":6868,"date":"2023-06-19T15:51:41","date_gmt":"2023-06-19T13:51:41","guid":{"rendered":"https:\/\/radio-aviva.com\/perpignan\/?post_type=podcast&#038;p=6868"},"modified":"2024-05-14T14:22:41","modified_gmt":"2024-05-14T12:22:41","slug":"alexandra-dutreuil-resp-galerie-maison-bleue-expo-soleil-bleu-080623","status":"publish","type":"podcast","link":"https:\/\/radio-aviva.com\/perpignan\/podcast\/alexandra-dutreuil-resp-galerie-maison-bleue-expo-soleil-bleu-080623\/","title":{"rendered":"ALEXANDRA DUTREUIL, RESP GALERIE MAISON BLEUE &#8211; EXPO SOLEIL BLEU &#8211; 080623"},"content":{"rendered":"<p>Alexandra DUTREUIL, responsable de la Galerie MAISON BLEUE, nous a parl\u00e9, le 08 juin 2023, de l\u2019exposition\u00a0 \u00ab\u00a0SOLEIL BLEU\u00a0\u00bb, organis\u00e9e \u00e0 la Boutique du Domaine Lafage, \u00e0 Perpignan. En effet, pour cette p\u00e9riode estivale, c\u2019est dans des valeurs de partage et de convivialit\u00e9 que la galerie d\u2019art perpignanaise Maison Bleue collabore avec le Domaine viticole Lafage pour mettre la lumi\u00e8re et la chaleur \u00e0 l\u2019honneur avec l&rsquo;exposition \u00ab Soleil Bleu \u00bb (visible jusqu\u2019au 15\/07).<\/p>\n","protected":false},"author":337,"featured_media":6869,"template":"","tags":[],"podcastfilter":[170,86,168,134,139,109,140],"class_list":["post-6868","podcast","type-podcast","status-publish","has-post-thumbnail","hentry","podcastfilter-actions-culturelles","podcastfilter-art","podcastfilter-artiste","podcastfilter-exposition","podcastfilter-linvite-de-la-matinale","podcastfilter-perpignan","podcastfilter-programmation-culturelle"],"_links":{"self":[{"href":"https:\/\/radio-aviva.com\/perpignan\/wp-json\/wp\/v2\/podcast\/6868","targetHints":{"allow":["GET"]}}],"collection":[{"href":"https:\/\/radio-aviva.com\/perpignan\/wp-json\/wp\/v2\/podcast"}],"about":[{"href":"https:\/\/radio-aviva.com\/perpignan\/wp-json\/wp\/v2\/types\/podcast"}],"author":[{"embeddable":true,"href":"https:\/\/radio-aviva.com\/perpignan\/wp-json\/wp\/v2\/users\/337"}],"version-history":[{"count":1,"href":"https:\/\/radio-aviva.com\/perpignan\/wp-json\/wp\/v2\/podcast\/6868\/revisions"}],"predecessor-version":[{"id":9071,"href":"https:\/\/radio-aviva.com\/perpignan\/wp-json\/wp\/v2\/podcast\/6868\/revisions\/9071"}],"wp:featuredmedia":[{"embeddable":true,"href":"https:\/\/radio-aviva.com\/perpignan\/wp-json\/wp\/v2\/media\/6869"}],"wp:attachment":[{"href":"https:\/\/radio-aviva.com\/perpignan\/wp-json\/wp\/v2\/media?parent=6868"}],"wp:term":[{"taxonomy":"post_tag","embeddable":true,"href":"https:\/\/radio-aviva.com\/perpignan\/wp-json\/wp\/v2\/tags?post=6868"},{"taxonomy":"podcastfilter","embeddable":true,"href":"https:\/\/radio-aviva.com\/perpignan\/wp-json\/wp\/v2\/podcastfilter?post=6868"}],"curies":[{"name":"wp","href":"https:\/\/api.w.org\/{rel}","templated":true}]}}