{"id":8086,"date":"2023-11-02T10:00:57","date_gmt":"2023-11-02T09:00:57","guid":{"rendered":"https:\/\/radio-aviva.com\/perpignan\/?post_type=podcast&#038;p=8086"},"modified":"2023-10-30T12:20:30","modified_gmt":"2023-10-30T11:20:30","slug":"association-joseph-sauvy-louis-mallet-president","status":"publish","type":"podcast","link":"https:\/\/radio-aviva.com\/perpignan\/podcast\/association-joseph-sauvy-louis-mallet-president\/","title":{"rendered":"ASSOCIATION JOSEPH SAUVY &#8211; LOUIS MALLET, PRESIDENT"},"content":{"rendered":"<p>L&rsquo;association Joseph Sauvy fond\u00e9e en 1963, les valeurs port\u00e9es ont fa\u00e7onn\u00e9 son histoire, son identit\u00e9 ainsi que ses pratiques d\u2019accompagnement de la vuln\u00e9rabilit\u00e9 sur le d\u00e9partement. Louis Mallet pr\u00e9sident, nous pr\u00e9sente son association, qui f\u00eate ses 60 ans cette ann\u00e9e.<\/p>\n","protected":false},"author":337,"featured_media":8087,"template":"","tags":[],"podcastfilter":[190,152,119,262,259,223,149],"class_list":["post-8086","podcast","type-podcast","status-publish","has-post-thumbnail","hentry","podcastfilter-association","podcastfilter-lien-social","podcastfilter-sante","podcastfilter-seniors","podcastfilter-social","podcastfilter-solidaire","podcastfilter-solidarite"],"_links":{"self":[{"href":"https:\/\/radio-aviva.com\/perpignan\/wp-json\/wp\/v2\/podcast\/8086","targetHints":{"allow":["GET"]}}],"collection":[{"href":"https:\/\/radio-aviva.com\/perpignan\/wp-json\/wp\/v2\/podcast"}],"about":[{"href":"https:\/\/radio-aviva.com\/perpignan\/wp-json\/wp\/v2\/types\/podcast"}],"author":[{"embeddable":true,"href":"https:\/\/radio-aviva.com\/perpignan\/wp-json\/wp\/v2\/users\/337"}],"version-history":[{"count":0,"href":"https:\/\/radio-aviva.com\/perpignan\/wp-json\/wp\/v2\/podcast\/8086\/revisions"}],"wp:featuredmedia":[{"embeddable":true,"href":"https:\/\/radio-aviva.com\/perpignan\/wp-json\/wp\/v2\/media\/8087"}],"wp:attachment":[{"href":"https:\/\/radio-aviva.com\/perpignan\/wp-json\/wp\/v2\/media?parent=8086"}],"wp:term":[{"taxonomy":"post_tag","embeddable":true,"href":"https:\/\/radio-aviva.com\/perpignan\/wp-json\/wp\/v2\/tags?post=8086"},{"taxonomy":"podcastfilter","embeddable":true,"href":"https:\/\/radio-aviva.com\/perpignan\/wp-json\/wp\/v2\/podcastfilter?post=8086"}],"curies":[{"name":"wp","href":"https:\/\/api.w.org\/{rel}","templated":true}]}}