{"id":8154,"date":"2023-11-17T10:00:13","date_gmt":"2023-11-17T09:00:13","guid":{"rendered":"https:\/\/radio-aviva.com\/perpignan\/?post_type=podcast&#038;p=8154"},"modified":"2023-11-17T10:08:03","modified_gmt":"2023-11-17T09:08:03","slug":"alice-et-les-petits-guerriers-olivier-brunel-ecrivain-et-president-de-lassociation-2","status":"publish","type":"podcast","link":"https:\/\/radio-aviva.com\/perpignan\/podcast\/alice-et-les-petits-guerriers-olivier-brunel-ecrivain-et-president-de-lassociation-2\/","title":{"rendered":"ALICE ET LES PETITS GUERRIERS &#8211; OLIVIER BRUNEL, ECRIVAIN ET PRESIDENT DE L&rsquo;ASSOCIATION"},"content":{"rendered":"<p>\u00ab Alice et les petits Guerriers \u00bb est un livre et une association cr\u00e9\u00e9e par Olivier Brunel. Ce t\u00e9moignage retrace la vie dans les unit\u00e9s d\u2019oncologie p\u00e9diatrique du centre hospitalier universitaire de Montpellier au travers du tragique destin d\u2019Alice, \u00e2g\u00e9e de 7 ans. L&rsquo;auteur et p\u00e8re de l&rsquo;enfant vient nous raconter avec \u00e9motions cette histoire et mettre en avant les actions qu&rsquo;il m\u00e8ne en faveur des enfants hospitalis\u00e9s.<\/p>\n","protected":false},"author":337,"featured_media":0,"template":"","tags":[],"podcastfilter":[],"class_list":["post-8154","podcast","type-podcast","status-publish","hentry"],"_links":{"self":[{"href":"https:\/\/radio-aviva.com\/perpignan\/wp-json\/wp\/v2\/podcast\/8154","targetHints":{"allow":["GET"]}}],"collection":[{"href":"https:\/\/radio-aviva.com\/perpignan\/wp-json\/wp\/v2\/podcast"}],"about":[{"href":"https:\/\/radio-aviva.com\/perpignan\/wp-json\/wp\/v2\/types\/podcast"}],"author":[{"embeddable":true,"href":"https:\/\/radio-aviva.com\/perpignan\/wp-json\/wp\/v2\/users\/337"}],"version-history":[{"count":0,"href":"https:\/\/radio-aviva.com\/perpignan\/wp-json\/wp\/v2\/podcast\/8154\/revisions"}],"wp:attachment":[{"href":"https:\/\/radio-aviva.com\/perpignan\/wp-json\/wp\/v2\/media?parent=8154"}],"wp:term":[{"taxonomy":"post_tag","embeddable":true,"href":"https:\/\/radio-aviva.com\/perpignan\/wp-json\/wp\/v2\/tags?post=8154"},{"taxonomy":"podcastfilter","embeddable":true,"href":"https:\/\/radio-aviva.com\/perpignan\/wp-json\/wp\/v2\/podcastfilter?post=8154"}],"curies":[{"name":"wp","href":"https:\/\/api.w.org\/{rel}","templated":true}]}}