{"id":8199,"date":"2023-11-21T09:45:36","date_gmt":"2023-11-21T08:45:36","guid":{"rendered":"https:\/\/radio-aviva.com\/perpignan\/?post_type=podcast&#038;p=8199"},"modified":"2023-11-21T10:35:33","modified_gmt":"2023-11-21T09:35:33","slug":"carte-blanche-en-haut-vallespir-sylvie-philbert-president","status":"publish","type":"podcast","link":"https:\/\/radio-aviva.com\/perpignan\/podcast\/carte-blanche-en-haut-vallespir-sylvie-philbert-president\/","title":{"rendered":"CARTE BLANCHE EN HAUT VALLESPIR &#8211; SYLVIE PHILBERT, PRESIDENT"},"content":{"rendered":"<p>Carte Blanche En Haut-Vallespir est une association culturelle et de loisirs situ\u00e9e dans le charmant village de Saint Laurent de Cerdans. Elle offre une multitude d&rsquo;activit\u00e9s pour tous les \u00e2ges et les go\u00fbts, allant de la musique \u00e0 la danse en passant par le th\u00e9\u00e2tre et le cin\u00e9ma. Sylvie Philbert, pr\u00e9sidente de cette structure, prend la parole afin de nous pr\u00e9senter leurs \u00e9v\u00e9nements.<\/p>\n","protected":false},"author":337,"featured_media":8200,"template":"","tags":[],"podcastfilter":[170,190,128,165,126,167],"class_list":["post-8199","podcast","type-podcast","status-publish","has-post-thumbnail","hentry","podcastfilter-actions-culturelles","podcastfilter-association","podcastfilter-cinema","podcastfilter-culture-compagnie","podcastfilter-education","podcastfilter-festival"],"_links":{"self":[{"href":"https:\/\/radio-aviva.com\/perpignan\/wp-json\/wp\/v2\/podcast\/8199","targetHints":{"allow":["GET"]}}],"collection":[{"href":"https:\/\/radio-aviva.com\/perpignan\/wp-json\/wp\/v2\/podcast"}],"about":[{"href":"https:\/\/radio-aviva.com\/perpignan\/wp-json\/wp\/v2\/types\/podcast"}],"author":[{"embeddable":true,"href":"https:\/\/radio-aviva.com\/perpignan\/wp-json\/wp\/v2\/users\/337"}],"version-history":[{"count":0,"href":"https:\/\/radio-aviva.com\/perpignan\/wp-json\/wp\/v2\/podcast\/8199\/revisions"}],"wp:featuredmedia":[{"embeddable":true,"href":"https:\/\/radio-aviva.com\/perpignan\/wp-json\/wp\/v2\/media\/8200"}],"wp:attachment":[{"href":"https:\/\/radio-aviva.com\/perpignan\/wp-json\/wp\/v2\/media?parent=8199"}],"wp:term":[{"taxonomy":"post_tag","embeddable":true,"href":"https:\/\/radio-aviva.com\/perpignan\/wp-json\/wp\/v2\/tags?post=8199"},{"taxonomy":"podcastfilter","embeddable":true,"href":"https:\/\/radio-aviva.com\/perpignan\/wp-json\/wp\/v2\/podcastfilter?post=8199"}],"curies":[{"name":"wp","href":"https:\/\/api.w.org\/{rel}","templated":true}]}}