{"id":8246,"date":"2023-11-30T10:00:44","date_gmt":"2023-11-30T09:00:44","guid":{"rendered":"https:\/\/radio-aviva.com\/perpignan\/?post_type=podcast&#038;p=8246"},"modified":"2023-11-30T10:07:00","modified_gmt":"2023-11-30T09:07:00","slug":"sos-amitie-66-francis-apers-president-michele-tomas-secretaire","status":"publish","type":"podcast","link":"https:\/\/radio-aviva.com\/perpignan\/podcast\/sos-amitie-66-francis-apers-president-michele-tomas-secretaire\/","title":{"rendered":"SOS AMITIE 66 &#8211; FRANCIS APERS, PRESIDENT, MICHELE TOMAS, SECRETAIRE"},"content":{"rendered":"<p>S.O.S Amiti\u00e9 est un service d\u2019aide par l\u2019\u00e9coute. Ses \u00e9coutants b\u00e9n\u00e9voles accueillent la parole de toute personne qui traverse une p\u00e9riode difficile et qui ressent le besoin d\u2019\u00eatre entendue et \u00e9cout\u00e9e dans sa souffrance. Francis et Mich\u00e8le, membre de la d\u00e9l\u00e9gation des Pyr\u00e9n\u00e9es-Orientales, viennent nous pr\u00e9senter leur structure et leurs actions dans le d\u00e9partement.<\/p>\n","protected":false},"author":337,"featured_media":8248,"template":"","tags":[],"podcastfilter":[190,191,186,119,196,259,149,148],"class_list":["post-8246","podcast","type-podcast","status-publish","has-post-thumbnail","hentry","podcastfilter-association","podcastfilter-bien-etre-2","podcastfilter-pyrenees-orientales-2","podcastfilter-sante","podcastfilter-sante-mentale","podcastfilter-social","podcastfilter-solidarite","podcastfilter-voix-des-assos"],"_links":{"self":[{"href":"https:\/\/radio-aviva.com\/perpignan\/wp-json\/wp\/v2\/podcast\/8246","targetHints":{"allow":["GET"]}}],"collection":[{"href":"https:\/\/radio-aviva.com\/perpignan\/wp-json\/wp\/v2\/podcast"}],"about":[{"href":"https:\/\/radio-aviva.com\/perpignan\/wp-json\/wp\/v2\/types\/podcast"}],"author":[{"embeddable":true,"href":"https:\/\/radio-aviva.com\/perpignan\/wp-json\/wp\/v2\/users\/337"}],"version-history":[{"count":0,"href":"https:\/\/radio-aviva.com\/perpignan\/wp-json\/wp\/v2\/podcast\/8246\/revisions"}],"wp:featuredmedia":[{"embeddable":true,"href":"https:\/\/radio-aviva.com\/perpignan\/wp-json\/wp\/v2\/media\/8248"}],"wp:attachment":[{"href":"https:\/\/radio-aviva.com\/perpignan\/wp-json\/wp\/v2\/media?parent=8246"}],"wp:term":[{"taxonomy":"post_tag","embeddable":true,"href":"https:\/\/radio-aviva.com\/perpignan\/wp-json\/wp\/v2\/tags?post=8246"},{"taxonomy":"podcastfilter","embeddable":true,"href":"https:\/\/radio-aviva.com\/perpignan\/wp-json\/wp\/v2\/podcastfilter?post=8246"}],"curies":[{"name":"wp","href":"https:\/\/api.w.org\/{rel}","templated":true}]}}