{"id":8370,"date":"2023-12-08T10:00:19","date_gmt":"2023-12-08T09:00:19","guid":{"rendered":"https:\/\/radio-aviva.com\/perpignan\/?post_type=podcast&#038;p=8370"},"modified":"2023-12-07T10:39:49","modified_gmt":"2023-12-07T09:39:49","slug":"1000-chercheurs-dans-les-ecoles-laurie-anne-latour-professeur-svt-antoine-muchir-chercheur-afm-telethon","status":"publish","type":"podcast","link":"https:\/\/radio-aviva.com\/perpignan\/podcast\/1000-chercheurs-dans-les-ecoles-laurie-anne-latour-professeur-svt-antoine-muchir-chercheur-afm-telethon\/","title":{"rendered":"1000 CHERCHEURS DANS LES ECOLES &#8211; LAURIE-ANNE LATOUR, PROFESSEUR SVT, ANTOINE MUCHIR, CHERCHEUR, AFM TELETHON"},"content":{"rendered":"<p>Du 6 novembre au 8 d\u00e9cembre 2023, l\u2019op\u00e9ration 1000 chercheurs dans les \u00e9coles s\u2019est d\u00e9roul\u00e9 sur le territoire national et \u00e0 l\u2019\u00e9tranger. Organis\u00e9 par l\u2019AFM-T\u00e9l\u00e9thon, l\u2019action est agr\u00e9\u00e9 par l\u2019\u00e9ducation nationale et avec le soutient de l\u2019Association des Professeurs de Biologie et de G\u00e9ologie (APBG). Son objectif est de faire d\u00e9couvrir aux \u00e9l\u00e8ves les derni\u00e8res avanc\u00e9es de la recherche biom\u00e9dicale et le quotidien d\u2019un chercheur en abordant les maladies g\u00e9n\u00e9tiques et les enjeux des nouvelles th\u00e9rapies.<\/p>\n","protected":false},"author":337,"featured_media":8372,"template":"","tags":[],"podcastfilter":[217,126,227,149],"class_list":["post-8370","podcast","type-podcast","status-publish","has-post-thumbnail","hentry","podcastfilter-academie","podcastfilter-education","podcastfilter-sciences","podcastfilter-solidarite"],"_links":{"self":[{"href":"https:\/\/radio-aviva.com\/perpignan\/wp-json\/wp\/v2\/podcast\/8370","targetHints":{"allow":["GET"]}}],"collection":[{"href":"https:\/\/radio-aviva.com\/perpignan\/wp-json\/wp\/v2\/podcast"}],"about":[{"href":"https:\/\/radio-aviva.com\/perpignan\/wp-json\/wp\/v2\/types\/podcast"}],"author":[{"embeddable":true,"href":"https:\/\/radio-aviva.com\/perpignan\/wp-json\/wp\/v2\/users\/337"}],"version-history":[{"count":0,"href":"https:\/\/radio-aviva.com\/perpignan\/wp-json\/wp\/v2\/podcast\/8370\/revisions"}],"wp:featuredmedia":[{"embeddable":true,"href":"https:\/\/radio-aviva.com\/perpignan\/wp-json\/wp\/v2\/media\/8372"}],"wp:attachment":[{"href":"https:\/\/radio-aviva.com\/perpignan\/wp-json\/wp\/v2\/media?parent=8370"}],"wp:term":[{"taxonomy":"post_tag","embeddable":true,"href":"https:\/\/radio-aviva.com\/perpignan\/wp-json\/wp\/v2\/tags?post=8370"},{"taxonomy":"podcastfilter","embeddable":true,"href":"https:\/\/radio-aviva.com\/perpignan\/wp-json\/wp\/v2\/podcastfilter?post=8370"}],"curies":[{"name":"wp","href":"https:\/\/api.w.org\/{rel}","templated":true}]}}