{"id":8473,"date":"2023-12-20T07:40:04","date_gmt":"2023-12-20T06:40:04","guid":{"rendered":"https:\/\/radio-aviva.com\/perpignan\/?post_type=podcast&#038;p=8473"},"modified":"2024-02-07T17:17:50","modified_gmt":"2024-02-07T16:17:50","slug":"cataladon-et-sa-fete-de-noel-alain-latteux-president","status":"publish","type":"podcast","link":"https:\/\/radio-aviva.com\/perpignan\/podcast\/cataladon-et-sa-fete-de-noel-alain-latteux-president\/","title":{"rendered":"CATALADON ET SA F\u00caTE DE NO\u00cbL &#8211; ALAIN LATTEUX, PRESIDENT"},"content":{"rendered":"<p>Cataladon une association humanitaire dont son objectif premier est et restera \u00ab l\u2019humain \u00bb quel que soit la ville ou le pays en difficult\u00e9. Alain LATTEUX, son pr\u00e9sident, vient nous pr\u00e9senter leur dernier \u00e9v\u00e9nement de l&rsquo;ann\u00e9e qui se d\u00e9roulera le 28 d\u00e9cembre \u00e0 Perpignan.<\/p>\n","protected":false},"author":337,"featured_media":8474,"template":"","tags":[],"podcastfilter":[190,255,235,252,234,273,139,152,259,149],"class_list":["post-8473","podcast","type-podcast","status-publish","has-post-thumbnail","hentry","podcastfilter-association","podcastfilter-evenement","podcastfilter-fete","podcastfilter-humanitaire","podcastfilter-interculturel","podcastfilter-interreligieux","podcastfilter-linvite-de-la-matinale","podcastfilter-lien-social","podcastfilter-social","podcastfilter-solidarite"],"_links":{"self":[{"href":"https:\/\/radio-aviva.com\/perpignan\/wp-json\/wp\/v2\/podcast\/8473","targetHints":{"allow":["GET"]}}],"collection":[{"href":"https:\/\/radio-aviva.com\/perpignan\/wp-json\/wp\/v2\/podcast"}],"about":[{"href":"https:\/\/radio-aviva.com\/perpignan\/wp-json\/wp\/v2\/types\/podcast"}],"author":[{"embeddable":true,"href":"https:\/\/radio-aviva.com\/perpignan\/wp-json\/wp\/v2\/users\/337"}],"version-history":[{"count":0,"href":"https:\/\/radio-aviva.com\/perpignan\/wp-json\/wp\/v2\/podcast\/8473\/revisions"}],"wp:featuredmedia":[{"embeddable":true,"href":"https:\/\/radio-aviva.com\/perpignan\/wp-json\/wp\/v2\/media\/8474"}],"wp:attachment":[{"href":"https:\/\/radio-aviva.com\/perpignan\/wp-json\/wp\/v2\/media?parent=8473"}],"wp:term":[{"taxonomy":"post_tag","embeddable":true,"href":"https:\/\/radio-aviva.com\/perpignan\/wp-json\/wp\/v2\/tags?post=8473"},{"taxonomy":"podcastfilter","embeddable":true,"href":"https:\/\/radio-aviva.com\/perpignan\/wp-json\/wp\/v2\/podcastfilter?post=8473"}],"curies":[{"name":"wp","href":"https:\/\/api.w.org\/{rel}","templated":true}]}}