{"id":8612,"date":"2024-02-02T08:00:20","date_gmt":"2024-02-02T07:00:20","guid":{"rendered":"https:\/\/radio-aviva.com\/perpignan\/?post_type=podcast&#038;p=8612"},"modified":"2024-02-01T18:07:36","modified_gmt":"2024-02-01T17:07:36","slug":"festival-terres-dailleurs-romain-hee-responsable-evenementiel-kimiyo","status":"publish","type":"podcast","link":"https:\/\/radio-aviva.com\/perpignan\/podcast\/festival-terres-dailleurs-romain-hee-responsable-evenementiel-kimiyo\/","title":{"rendered":"FESTIVAL TERRES D&rsquo;AILLEURS &#8211; ROMAIN HEE, RESPONSABLE EVENEMENTIEL KIMIYO"},"content":{"rendered":"<p>Pour sa 5\u00e8me \u00e9dition, le festival Terres d\u2019Ailleurs revient en force sur Perpignan avec une th\u00e9matique stimulante : le langage et la communication. Orchestr\u00e9 par l\u2019association de m\u00e9diation scientifique Kimiyo, ce festival met en lumi\u00e8re le travail de ces hommes et femmes explorateur partis au bout du monde pour la science. Romain HEE, responsable au p\u00f4le \u00e9v\u00e9nementiel de l\u2019association, vient nous pr\u00e9senter la programmation.<\/p>\n","protected":false},"author":337,"featured_media":8613,"template":"","tags":[],"podcastfilter":[170,190,272,126,255,167,234,109],"class_list":["post-8612","podcast","type-podcast","status-publish","has-post-thumbnail","hentry","podcastfilter-actions-culturelles","podcastfilter-association","podcastfilter-culture","podcastfilter-education","podcastfilter-evenement","podcastfilter-festival","podcastfilter-interculturel","podcastfilter-perpignan"],"_links":{"self":[{"href":"https:\/\/radio-aviva.com\/perpignan\/wp-json\/wp\/v2\/podcast\/8612","targetHints":{"allow":["GET"]}}],"collection":[{"href":"https:\/\/radio-aviva.com\/perpignan\/wp-json\/wp\/v2\/podcast"}],"about":[{"href":"https:\/\/radio-aviva.com\/perpignan\/wp-json\/wp\/v2\/types\/podcast"}],"author":[{"embeddable":true,"href":"https:\/\/radio-aviva.com\/perpignan\/wp-json\/wp\/v2\/users\/337"}],"version-history":[{"count":0,"href":"https:\/\/radio-aviva.com\/perpignan\/wp-json\/wp\/v2\/podcast\/8612\/revisions"}],"wp:featuredmedia":[{"embeddable":true,"href":"https:\/\/radio-aviva.com\/perpignan\/wp-json\/wp\/v2\/media\/8613"}],"wp:attachment":[{"href":"https:\/\/radio-aviva.com\/perpignan\/wp-json\/wp\/v2\/media?parent=8612"}],"wp:term":[{"taxonomy":"post_tag","embeddable":true,"href":"https:\/\/radio-aviva.com\/perpignan\/wp-json\/wp\/v2\/tags?post=8612"},{"taxonomy":"podcastfilter","embeddable":true,"href":"https:\/\/radio-aviva.com\/perpignan\/wp-json\/wp\/v2\/podcastfilter?post=8612"}],"curies":[{"name":"wp","href":"https:\/\/api.w.org\/{rel}","templated":true}]}}