{"id":8664,"date":"2024-02-15T10:00:22","date_gmt":"2024-02-15T09:00:22","guid":{"rendered":"https:\/\/radio-aviva.com\/perpignan\/?post_type=podcast&#038;p=8664"},"modified":"2024-02-13T14:25:48","modified_gmt":"2024-02-13T13:25:48","slug":"vela-i-vent-cecile-crochat-tresoriere-jeremy-thiel-president","status":"publish","type":"podcast","link":"https:\/\/radio-aviva.com\/perpignan\/podcast\/vela-i-vent-cecile-crochat-tresoriere-jeremy-thiel-president\/","title":{"rendered":"VELA I VENT &#8211; CECILE CROCHAT, TRESORIERE, JEREMY THIEL, PRESIDENT"},"content":{"rendered":"<p>L\u2019association Vela i\u00a0 Vent s&rsquo;est donn\u00e9e pour mission de conserver et de valoriser le patrimoine maritime, mat\u00e9riel et immat\u00e9riel, Catalan, ainsi que de transmettre des techniques de navigation de la voile latine au travers de sa barque l&rsquo;Albada, de 9.20 m\u00e8tres. C\u00e9cile et J\u00e9r\u00e9my viennent nous pr\u00e9senter l&rsquo;association et leurs actions.<\/p>\n","protected":false},"author":337,"featured_media":8665,"template":"","tags":[],"podcastfilter":[170,190,272,144,133,284,206,148],"class_list":["post-8664","podcast","type-podcast","status-publish","has-post-thumbnail","hentry","podcastfilter-actions-culturelles","podcastfilter-association","podcastfilter-culture","podcastfilter-histoire","podcastfilter-memoire","podcastfilter-musee","podcastfilter-politique-et-institutions-locales","podcastfilter-voix-des-assos"],"_links":{"self":[{"href":"https:\/\/radio-aviva.com\/perpignan\/wp-json\/wp\/v2\/podcast\/8664","targetHints":{"allow":["GET"]}}],"collection":[{"href":"https:\/\/radio-aviva.com\/perpignan\/wp-json\/wp\/v2\/podcast"}],"about":[{"href":"https:\/\/radio-aviva.com\/perpignan\/wp-json\/wp\/v2\/types\/podcast"}],"author":[{"embeddable":true,"href":"https:\/\/radio-aviva.com\/perpignan\/wp-json\/wp\/v2\/users\/337"}],"version-history":[{"count":0,"href":"https:\/\/radio-aviva.com\/perpignan\/wp-json\/wp\/v2\/podcast\/8664\/revisions"}],"wp:featuredmedia":[{"embeddable":true,"href":"https:\/\/radio-aviva.com\/perpignan\/wp-json\/wp\/v2\/media\/8665"}],"wp:attachment":[{"href":"https:\/\/radio-aviva.com\/perpignan\/wp-json\/wp\/v2\/media?parent=8664"}],"wp:term":[{"taxonomy":"post_tag","embeddable":true,"href":"https:\/\/radio-aviva.com\/perpignan\/wp-json\/wp\/v2\/tags?post=8664"},{"taxonomy":"podcastfilter","embeddable":true,"href":"https:\/\/radio-aviva.com\/perpignan\/wp-json\/wp\/v2\/podcastfilter?post=8664"}],"curies":[{"name":"wp","href":"https:\/\/api.w.org\/{rel}","templated":true}]}}