{"id":8701,"date":"2024-02-21T09:45:26","date_gmt":"2024-02-21T08:45:26","guid":{"rendered":"https:\/\/radio-aviva.com\/perpignan\/?post_type=podcast&#038;p=8701"},"modified":"2024-02-21T12:41:55","modified_gmt":"2024-02-21T11:41:55","slug":"cicle-gaudi-stephane-galan-pdt-xecca","status":"publish","type":"podcast","link":"https:\/\/radio-aviva.com\/perpignan\/podcast\/cicle-gaudi-stephane-galan-pdt-xecca\/","title":{"rendered":"CICLE GAUDI &#8211; STEPHANE GALAN, PRESIDENT XECCA"},"content":{"rendered":"<p>L\u2019association Xecca est un association engag\u00e9 sur le territoire qui agit \u00e0 la promotion du cin\u00e9ma. Elle est \u00e9galement \u00e0 l\u2019origine de l\u2019importation du cicle gaudi sur le territoire de la catalogne nord. St\u00e9phane Galan, son pr\u00e9sident, vient nous pr\u00e9senter la structure et les \u00e9v\u00e9nements qu&rsquo;ils organisent.<\/p>\n","protected":false},"author":337,"featured_media":8704,"template":"","tags":[],"podcastfilter":[170,190,260,165,144,234],"class_list":["post-8701","podcast","type-podcast","status-publish","has-post-thumbnail","hentry","podcastfilter-actions-culturelles","podcastfilter-association","podcastfilter-catalanite","podcastfilter-culture-compagnie","podcastfilter-histoire","podcastfilter-interculturel"],"_links":{"self":[{"href":"https:\/\/radio-aviva.com\/perpignan\/wp-json\/wp\/v2\/podcast\/8701","targetHints":{"allow":["GET"]}}],"collection":[{"href":"https:\/\/radio-aviva.com\/perpignan\/wp-json\/wp\/v2\/podcast"}],"about":[{"href":"https:\/\/radio-aviva.com\/perpignan\/wp-json\/wp\/v2\/types\/podcast"}],"author":[{"embeddable":true,"href":"https:\/\/radio-aviva.com\/perpignan\/wp-json\/wp\/v2\/users\/337"}],"version-history":[{"count":0,"href":"https:\/\/radio-aviva.com\/perpignan\/wp-json\/wp\/v2\/podcast\/8701\/revisions"}],"wp:featuredmedia":[{"embeddable":true,"href":"https:\/\/radio-aviva.com\/perpignan\/wp-json\/wp\/v2\/media\/8704"}],"wp:attachment":[{"href":"https:\/\/radio-aviva.com\/perpignan\/wp-json\/wp\/v2\/media?parent=8701"}],"wp:term":[{"taxonomy":"post_tag","embeddable":true,"href":"https:\/\/radio-aviva.com\/perpignan\/wp-json\/wp\/v2\/tags?post=8701"},{"taxonomy":"podcastfilter","embeddable":true,"href":"https:\/\/radio-aviva.com\/perpignan\/wp-json\/wp\/v2\/podcastfilter?post=8701"}],"curies":[{"name":"wp","href":"https:\/\/api.w.org\/{rel}","templated":true}]}}