{"id":8907,"date":"2024-04-11T10:00:49","date_gmt":"2024-04-11T08:00:49","guid":{"rendered":"https:\/\/radio-aviva.com\/perpignan\/?post_type=podcast&#038;p=8907"},"modified":"2024-05-06T11:22:00","modified_gmt":"2024-05-06T09:22:00","slug":"39-eme-foirexpo-de-perpignan-sarah-bonnet","status":"publish","type":"podcast","link":"https:\/\/radio-aviva.com\/perpignan\/podcast\/39-eme-foirexpo-de-perpignan-sarah-bonnet\/","title":{"rendered":"39 \u00c8ME FOIREXPO DE PERPIGNAN &#8211; SARAH BONNET DIRECTRICE G\u00c9N\u00c9RALE DE LA FOIRE EXPO DE PERPIGNAN"},"content":{"rendered":"<p>Sarah Bonnet, directrice g\u00e9n\u00e9rale du Parc des expos et du Palais des congr\u00e8s \u00e9tait notre invit\u00e9e au micro de Radio Aviva pour pr\u00e9senter cette 39\u00e8me \u00e9dition de la foire de printemps qui s&rsquo;est d\u00e9roul\u00e9e du 11 au 15 Avril 2024.<\/p>\n","protected":false},"author":1,"featured_media":8908,"template":"","tags":[],"podcastfilter":[190,164,172,301,109],"class_list":["post-8907","podcast","type-podcast","status-publish","has-post-thumbnail","hentry","podcastfilter-association","podcastfilter-economie","podcastfilter-energies-renouvelables","podcastfilter-forum","podcastfilter-perpignan"],"_links":{"self":[{"href":"https:\/\/radio-aviva.com\/perpignan\/wp-json\/wp\/v2\/podcast\/8907","targetHints":{"allow":["GET"]}}],"collection":[{"href":"https:\/\/radio-aviva.com\/perpignan\/wp-json\/wp\/v2\/podcast"}],"about":[{"href":"https:\/\/radio-aviva.com\/perpignan\/wp-json\/wp\/v2\/types\/podcast"}],"author":[{"embeddable":true,"href":"https:\/\/radio-aviva.com\/perpignan\/wp-json\/wp\/v2\/users\/1"}],"version-history":[{"count":1,"href":"https:\/\/radio-aviva.com\/perpignan\/wp-json\/wp\/v2\/podcast\/8907\/revisions"}],"predecessor-version":[{"id":9035,"href":"https:\/\/radio-aviva.com\/perpignan\/wp-json\/wp\/v2\/podcast\/8907\/revisions\/9035"}],"wp:featuredmedia":[{"embeddable":true,"href":"https:\/\/radio-aviva.com\/perpignan\/wp-json\/wp\/v2\/media\/8908"}],"wp:attachment":[{"href":"https:\/\/radio-aviva.com\/perpignan\/wp-json\/wp\/v2\/media?parent=8907"}],"wp:term":[{"taxonomy":"post_tag","embeddable":true,"href":"https:\/\/radio-aviva.com\/perpignan\/wp-json\/wp\/v2\/tags?post=8907"},{"taxonomy":"podcastfilter","embeddable":true,"href":"https:\/\/radio-aviva.com\/perpignan\/wp-json\/wp\/v2\/podcastfilter?post=8907"}],"curies":[{"name":"wp","href":"https:\/\/api.w.org\/{rel}","templated":true}]}}