{"id":8939,"date":"2024-04-22T16:48:51","date_gmt":"2024-04-22T14:48:51","guid":{"rendered":"https:\/\/radio-aviva.com\/perpignan\/podcast\/manon-cuni-responsable-du-musee-lumiere-nous-parle-de-linvention-du-cinema-a-lyon\/"},"modified":"2024-04-25T16:48:14","modified_gmt":"2024-04-25T14:48:14","slug":"manon-cuni-responsable-du-musee-lumiere-invention-du-cinema-a-lyon","status":"publish","type":"podcast","link":"https:\/\/radio-aviva.com\/perpignan\/podcast\/manon-cuni-responsable-du-musee-lumiere-invention-du-cinema-a-lyon\/","title":{"rendered":"L\u2019INVENTION DU CIN\u00c9MA \u00c0 LYON MANON CUNI RESPONSABLE DU MUS\u00c9E LUMI\u00c8RE"},"content":{"rendered":"<p>&nbsp;<\/p>\n<p>D\u00e9di\u00e9 au Cin\u00e9matographe et \u00e0 l\u2019histoire de la famille Lumi\u00e8re, le Mus\u00e9e Lumi\u00e8re vient d\u2019\u00eatre r\u00e9nov\u00e9 : il pr\u00e9sente les diff\u00e9rentes cr\u00e9ations techniques de Louis et Auguste Lumi\u00e8re et explore le processus de l\u2019invention du cin\u00e9ma, des premi\u00e8res exp\u00e9rimentations faites dans le monde entier jusqu\u2019au tournage puis \u00e0 l\u2019exploitation des films Lumi\u00e8re. Une belle occasion de d\u00e9couvrir dans une sc\u00e9nographie interactive des objets uniques tels que le tout premier Cin\u00e9matographe mais aussi un Kin\u00e9toscope Edison ainsi que divers objets d\u2019\u00e9poque au sein m\u00eame de la Villa o\u00f9 la famille Lumi\u00e8re a v\u00e9cu.<\/p>\n","protected":false},"author":1,"featured_media":8964,"template":"","tags":[],"podcastfilter":[304,128,87,108,109],"class_list":["post-8939","podcast","type-podcast","status-publish","has-post-thumbnail","hentry","podcastfilter-cineculte","podcastfilter-cinema","podcastfilter-montpellier","podcastfilter-nimes","podcastfilter-perpignan"],"_links":{"self":[{"href":"https:\/\/radio-aviva.com\/perpignan\/wp-json\/wp\/v2\/podcast\/8939","targetHints":{"allow":["GET"]}}],"collection":[{"href":"https:\/\/radio-aviva.com\/perpignan\/wp-json\/wp\/v2\/podcast"}],"about":[{"href":"https:\/\/radio-aviva.com\/perpignan\/wp-json\/wp\/v2\/types\/podcast"}],"author":[{"embeddable":true,"href":"https:\/\/radio-aviva.com\/perpignan\/wp-json\/wp\/v2\/users\/1"}],"version-history":[{"count":0,"href":"https:\/\/radio-aviva.com\/perpignan\/wp-json\/wp\/v2\/podcast\/8939\/revisions"}],"wp:featuredmedia":[{"embeddable":true,"href":"https:\/\/radio-aviva.com\/perpignan\/wp-json\/wp\/v2\/media\/8964"}],"wp:attachment":[{"href":"https:\/\/radio-aviva.com\/perpignan\/wp-json\/wp\/v2\/media?parent=8939"}],"wp:term":[{"taxonomy":"post_tag","embeddable":true,"href":"https:\/\/radio-aviva.com\/perpignan\/wp-json\/wp\/v2\/tags?post=8939"},{"taxonomy":"podcastfilter","embeddable":true,"href":"https:\/\/radio-aviva.com\/perpignan\/wp-json\/wp\/v2\/podcastfilter?post=8939"}],"curies":[{"name":"wp","href":"https:\/\/api.w.org\/{rel}","templated":true}]}}