{"id":9778,"date":"2024-08-19T09:11:13","date_gmt":"2024-08-19T07:11:13","guid":{"rendered":"https:\/\/radio-aviva.com\/perpignan\/?post_type=podcast&#038;p=9778"},"modified":"2024-08-20T11:25:02","modified_gmt":"2024-08-20T09:25:02","slug":"service-xperts-ctrowdfunding-jonathan-rio","status":"publish","type":"podcast","link":"https:\/\/radio-aviva.com\/perpignan\/podcast\/service-xperts-ctrowdfunding-jonathan-rio\/","title":{"rendered":"Service \u201cXperts Crowdfunding\u201d  &#8211; Jonathan RIO"},"content":{"rendered":"<p>Dans cette \u00e9mission du 6 ao\u00fbt nous recevons Jonathan RIO, qui vient nous parler de son service \u201cXperts Crowdfunding\u201d qui permet de faire appel \u00e0 des particuliers et soci\u00e9t\u00e9s qui souhaitent placer de la tr\u00e9sorerie afin de financer l\u2019acquisition de bien immobilier pour notamment le logement social.<\/p>\n","protected":false},"author":329,"featured_media":9808,"template":"","tags":[],"podcastfilter":[145],"class_list":["post-9778","podcast","type-podcast","status-publish","has-post-thumbnail","hentry","podcastfilter-mag-de-la-redac"],"_links":{"self":[{"href":"https:\/\/radio-aviva.com\/perpignan\/wp-json\/wp\/v2\/podcast\/9778","targetHints":{"allow":["GET"]}}],"collection":[{"href":"https:\/\/radio-aviva.com\/perpignan\/wp-json\/wp\/v2\/podcast"}],"about":[{"href":"https:\/\/radio-aviva.com\/perpignan\/wp-json\/wp\/v2\/types\/podcast"}],"author":[{"embeddable":true,"href":"https:\/\/radio-aviva.com\/perpignan\/wp-json\/wp\/v2\/users\/329"}],"version-history":[{"count":3,"href":"https:\/\/radio-aviva.com\/perpignan\/wp-json\/wp\/v2\/podcast\/9778\/revisions"}],"predecessor-version":[{"id":9804,"href":"https:\/\/radio-aviva.com\/perpignan\/wp-json\/wp\/v2\/podcast\/9778\/revisions\/9804"}],"wp:featuredmedia":[{"embeddable":true,"href":"https:\/\/radio-aviva.com\/perpignan\/wp-json\/wp\/v2\/media\/9808"}],"wp:attachment":[{"href":"https:\/\/radio-aviva.com\/perpignan\/wp-json\/wp\/v2\/media?parent=9778"}],"wp:term":[{"taxonomy":"post_tag","embeddable":true,"href":"https:\/\/radio-aviva.com\/perpignan\/wp-json\/wp\/v2\/tags?post=9778"},{"taxonomy":"podcastfilter","embeddable":true,"href":"https:\/\/radio-aviva.com\/perpignan\/wp-json\/wp\/v2\/podcastfilter?post=9778"}],"curies":[{"name":"wp","href":"https:\/\/api.w.org\/{rel}","templated":true}]}}