{"id":9800,"date":"2024-08-23T10:00:47","date_gmt":"2024-08-23T08:00:47","guid":{"rendered":"https:\/\/radio-aviva.com\/perpignan\/?post_type=podcast&#038;p=9800"},"modified":"2024-08-19T14:41:59","modified_gmt":"2024-08-19T12:41:59","slug":"le-petit-festival-de-la-cote-vermeille-razerka-lavant-fondatrice-festival","status":"publish","type":"podcast","link":"https:\/\/radio-aviva.com\/perpignan\/podcast\/le-petit-festival-de-la-cote-vermeille-razerka-lavant-fondatrice-festival\/","title":{"rendered":"LE PETIT FESTIVAL DE LA COTE VERMEILLE &#8211; RAZERKA LAVANT, FONDATRICE FESTIVAL"},"content":{"rendered":"<p>Dans cette \u00e9mission nous recevons Razerka LAVANT qui vient nous parler de la programmation du \u201cPetit festival de la c\u00f4te vermeille\u201d. Le festival se passe du 23 au 27 ao\u00fbt 2024 et le th\u00e8me de cette ann\u00e9e est le feu.<\/p>\n","protected":false},"author":1,"featured_media":9557,"template":"","tags":[],"podcastfilter":[150,143,167,151],"class_list":["post-9800","podcast","type-podcast","status-publish","has-post-thumbnail","hentry","podcastfilter-entracte","podcastfilter-environnement","podcastfilter-festival","podcastfilter-patrimoine"],"_links":{"self":[{"href":"https:\/\/radio-aviva.com\/perpignan\/wp-json\/wp\/v2\/podcast\/9800","targetHints":{"allow":["GET"]}}],"collection":[{"href":"https:\/\/radio-aviva.com\/perpignan\/wp-json\/wp\/v2\/podcast"}],"about":[{"href":"https:\/\/radio-aviva.com\/perpignan\/wp-json\/wp\/v2\/types\/podcast"}],"author":[{"embeddable":true,"href":"https:\/\/radio-aviva.com\/perpignan\/wp-json\/wp\/v2\/users\/1"}],"version-history":[{"count":1,"href":"https:\/\/radio-aviva.com\/perpignan\/wp-json\/wp\/v2\/podcast\/9800\/revisions"}],"predecessor-version":[{"id":9801,"href":"https:\/\/radio-aviva.com\/perpignan\/wp-json\/wp\/v2\/podcast\/9800\/revisions\/9801"}],"wp:featuredmedia":[{"embeddable":true,"href":"https:\/\/radio-aviva.com\/perpignan\/wp-json\/wp\/v2\/media\/9557"}],"wp:attachment":[{"href":"https:\/\/radio-aviva.com\/perpignan\/wp-json\/wp\/v2\/media?parent=9800"}],"wp:term":[{"taxonomy":"post_tag","embeddable":true,"href":"https:\/\/radio-aviva.com\/perpignan\/wp-json\/wp\/v2\/tags?post=9800"},{"taxonomy":"podcastfilter","embeddable":true,"href":"https:\/\/radio-aviva.com\/perpignan\/wp-json\/wp\/v2\/podcastfilter?post=9800"}],"curies":[{"name":"wp","href":"https:\/\/api.w.org\/{rel}","templated":true}]}}