{"id":9913,"date":"2024-09-18T14:51:31","date_gmt":"2024-09-18T12:51:31","guid":{"rendered":"https:\/\/radio-aviva.com\/perpignan\/?post_type=podcast&#038;p=9913"},"modified":"2024-09-18T14:51:31","modified_gmt":"2024-09-18T12:51:31","slug":"qpv-valerie-conseil-accompagnement-patricia-conseil-entreprise","status":"publish","type":"podcast","link":"https:\/\/radio-aviva.com\/perpignan\/podcast\/qpv-valerie-conseil-accompagnement-patricia-conseil-entreprise\/","title":{"rendered":"QPV &#8211; VALERIE, CONSEIL ACCOMPAGNEMENT, PATRICIA, CONSEIL ENTREPRISE"},"content":{"rendered":"<p>Val\u00e9rie, conseill\u00e8re en accompagnement et Patricia, conseill\u00e8re en entreprise chez France Travail nous parlent dans cette \u00e9mission des actions de France Travail aupr\u00e8s des publics r\u00e9sidents dans les quartiers prioritaires de la politique de la ville.<\/p>\n","protected":false},"author":1,"featured_media":9006,"template":"","tags":[],"podcastfilter":[181,299,308,152,302],"class_list":["post-9913","podcast","type-podcast","status-publish","has-post-thumbnail","hentry","podcastfilter-emploi","podcastfilter-emploi-formations","podcastfilter-france-travail","podcastfilter-lien-social","podcastfilter-quelques-minutes-pour-lemploi"],"_links":{"self":[{"href":"https:\/\/radio-aviva.com\/perpignan\/wp-json\/wp\/v2\/podcast\/9913","targetHints":{"allow":["GET"]}}],"collection":[{"href":"https:\/\/radio-aviva.com\/perpignan\/wp-json\/wp\/v2\/podcast"}],"about":[{"href":"https:\/\/radio-aviva.com\/perpignan\/wp-json\/wp\/v2\/types\/podcast"}],"author":[{"embeddable":true,"href":"https:\/\/radio-aviva.com\/perpignan\/wp-json\/wp\/v2\/users\/1"}],"version-history":[{"count":1,"href":"https:\/\/radio-aviva.com\/perpignan\/wp-json\/wp\/v2\/podcast\/9913\/revisions"}],"predecessor-version":[{"id":9914,"href":"https:\/\/radio-aviva.com\/perpignan\/wp-json\/wp\/v2\/podcast\/9913\/revisions\/9914"}],"wp:featuredmedia":[{"embeddable":true,"href":"https:\/\/radio-aviva.com\/perpignan\/wp-json\/wp\/v2\/media\/9006"}],"wp:attachment":[{"href":"https:\/\/radio-aviva.com\/perpignan\/wp-json\/wp\/v2\/media?parent=9913"}],"wp:term":[{"taxonomy":"post_tag","embeddable":true,"href":"https:\/\/radio-aviva.com\/perpignan\/wp-json\/wp\/v2\/tags?post=9913"},{"taxonomy":"podcastfilter","embeddable":true,"href":"https:\/\/radio-aviva.com\/perpignan\/wp-json\/wp\/v2\/podcastfilter?post=9913"}],"curies":[{"name":"wp","href":"https:\/\/api.w.org\/{rel}","templated":true}]}}